{"id":32148,"date":"2025-12-19T19:28:38","date_gmt":"2025-12-19T19:28:38","guid":{"rendered":"https:\/\/www.trccompanies.com\/?post_type=events&#038;p=32148"},"modified":"2026-01-23T19:17:13","modified_gmt":"2026-01-23T19:17:13","slug":"understanding-pfas-contamination-fate-transport-and-the-impacts-on-forensic-evaluations","status":"publish","type":"events","link":"https:\/\/www.trccompanies.com\/fr\/events\/understanding-pfas-contamination-fate-transport-and-the-impacts-on-forensic-evaluations\/","title":{"rendered":"Understanding\u00a0PFAS\u00a0Contamination: Fate &amp; Transport and the Impacts on Forensic Evaluations"},"content":{"rendered":"<!-- Start Block: acf\/wysiwyg -->\n\n<section class=\"wysiwyg section-padding bg-white\">\n    <div class=\"container-fluid\">\n        \n        <div class=\"row\">\n                            <div class=\"col-lg-8 columns js-animated-content animated-content\">\n                                        <h2>Register for TRC&rsquo;s Webinar<\/h2>\n<p><span data-contrast=\"none\">PFAS contamination presents unique challenges due to the persistent and complex behavior of these chemicals in the environment. Their ability to migrate through soil,\u00a0groundwater,\u00a0and air makes\u00a0identifying\u00a0sources and assessing liability increasingly difficult. Without a strong understanding of PFAS fate and transport, investigations can stall, and remediation and litigation strategies can be compromised.<\/span><span data-ccp-props=\"{&quot;134233117&quot;:false,&quot;134233118&quot;:false,&quot;335551550&quot;:0,&quot;335551620&quot;:0,&quot;335559738&quot;:240,&quot;335559739&quot;:240}\">\u00a0<\/span><\/p>\n<p><span data-contrast=\"none\">Join TRC for an in-depth\u00a0webinar\u00a0that examines how PFAS move and\u00a0transform\u00a0across environmental media and why this knowledge is critical for effective forensic evaluations. This session will explore the scientific principles behind PFAS behavior and how they are applied to real-world investigations, regulatory decision-making,\u00a0and environmental litigation.<\/span><span data-ccp-props=\"{&quot;134233117&quot;:false,&quot;134233118&quot;:false,&quot;335551550&quot;:0,&quot;335551620&quot;:0,&quot;335559738&quot;:240,&quot;335559739&quot;:240}\">\u00a0<\/span><\/p>\n<p><span data-contrast=\"none\"><a href=\"mailto:meberle@trccompanies.com\" rel=\"noopener\">Michael Eberle<\/a>, Technical Director, will share expert insights on\u00a0identifying\u00a0PFAS sources, reconstructing historical\u00a0contamination,\u00a0and supporting defensible forensic conclusions. Attendees will also gain visibility into evolving analytical approaches and regulatory considerations shaping PFAS investigations today.<\/span><span data-ccp-props=\"{&quot;134233117&quot;:false,&quot;134233118&quot;:false,&quot;335551550&quot;:0,&quot;335551620&quot;:0,&quot;335559738&quot;:240,&quot;335559739&quot;:240}\">\u00a0<\/span><\/p>\n<p aria-level=\"3\"><strong><span data-contrast=\"none\">You Will Learn:<\/span><\/strong><span data-ccp-props=\"{&quot;134233117&quot;:false,&quot;134233118&quot;:false,&quot;134245418&quot;:true,&quot;134245529&quot;:true,&quot;335551550&quot;:0,&quot;335551620&quot;:0,&quot;335559738&quot;:281,&quot;335559739&quot;:281}\">\u00a0<\/span><\/p>\n<ul>\n<li><span data-contrast=\"none\">The role of fate and transport analysis in forensic evaluations of PFAS sources<\/span><span data-ccp-props=\"{&quot;134233117&quot;:false,&quot;134233118&quot;:false,&quot;335551550&quot;:0,&quot;335551620&quot;:0,&quot;335559738&quot;:240,&quot;335559739&quot;:240}\">\u00a0<\/span><\/li>\n<li><span data-contrast=\"none\">How landfill tracers are used to distinguish regional landfill impacts from local PFAS sources<\/span><span data-ccp-props=\"{&quot;134233117&quot;:false,&quot;134233118&quot;:false,&quot;335551550&quot;:0,&quot;335551620&quot;:0,&quot;335559738&quot;:240,&quot;335559739&quot;:240}\">\u00a0<\/span><\/li>\n<li><span data-contrast=\"none\">Scientific and regulatory considerations influencing PFAS investigations and litigation<\/span><span data-ccp-props=\"{&quot;134233117&quot;:false,&quot;134233118&quot;:false,&quot;335551550&quot;:0,&quot;335551620&quot;:0,&quot;335559738&quot;:240,&quot;335559739&quot;:240}\">\u00a0<\/span><\/li>\n<\/ul>\n                <\/div>\n                <div class=\"col-lg-4 columns js-animated-content animated-content\">\n                                        <div class=\"wysiwyg__links js-animated-content animated-content\">\n                        <div class=\"wysiwyg__links__top \">\n                                                        <h4>Related Services<\/h4>\n                                                                                    <ul class=\"js-animated-content animated-content\">\n                                                                <li><a href=\"https:\/\/www.trccompanies.com\/services\/remediation-and-materials-management\/pfas-and-emerging-contaminants\/\" target=\"_self\">PFAS and Emerging Contaminants<\/a><\/li>\n                                                            <\/ul>\n                                                    <\/div>\n                                                                                                            <div class=\"wysiwyg__links__bottom\">\n                                    <a href=\"https:\/\/www.trccompanies.com\/services\" target=\"_self\">View All Services<\/a>\n                                <\/div>\n                                                                                                <\/div>\n                <\/div>\n                    <\/div>\n\n            <\/div>\n<\/section>\n<!-- End Block: acf\/wysiwyg -->\n\n<!-- Start Block: acf\/innerpage-promotion-blocks -->\n\n<section class=\"cta-right-image-text\">\n    <div class=\"cta-right-image-text__wrap\">\n        <div class=\"cta-right-image-text__text\">\n            <div class=\"cta-right-image-text__text__wrap js-animated-content animated-content\">\n                <h2>Meet Our Expert<\/h2>\n<p><span style=\"font-size: 21px;\"><a href=\"mailto:MEberle@trccompanies.com\">Michael Eberle<\/a><\/span><\/p>\n<p>Technical Director<\/p>\n            <\/div>\n        <\/div>\n        <div class=\"cta-right-image-text__image\">\n            <img decoding=\"async\" width=\"300\" height=\"300\" src=\"https:\/\/www.trccompanies.com\/wp-content\/uploads\/2025\/12\/MikeEberle_Headshot-1.jpg\" class=\"object-fit\" alt=\"MikeEberle_Headshot-1\" srcset=\"https:\/\/www.trccompanies.com\/wp-content\/uploads\/2025\/12\/MikeEberle_Headshot-1.jpg 300w, https:\/\/www.trccompanies.com\/wp-content\/uploads\/2025\/12\/MikeEberle_Headshot-1-150x150.jpg 150w\" sizes=\"(max-width: 300px) 100vw, 300px\" \/>            <span class=\"top\"><\/span>\n            <span class=\"bottom\"><\/span>\n            <span class=\"left\"><\/span>\n            <span class=\"right\"><\/span>\n        <\/div>\n    <\/div>\n<\/section>\n\n<!-- End Block: acf\/innerpage-promotion-blocks -->\n\n<!-- Start Block: acf\/innerpage-news-and-insights -->\n<section class=\"image-cards image-cards--news-and-insights section-margins image-cards--with-slider image-cards--innerpage\">\n    <div class=\"container-fluid\">\n        <div class=\"image-cards__wrap\">\n            <div class=\"image-cards__left\">\n                <div>\n                    <h2>Partager nos perspectives<\/h2>\n<p>Nos praticiens partagent leurs id\u00e9es et leurs points de vue sur les tendances et les d\u00e9fis qui fa\u00e7onnent le march\u00e9.<\/p>\n                <\/div>\n                            <\/div>\n                            <div class=\"image-cards__right\">\n                    <div class=\"js-image-cards-slider fx-slider\">\n                                                <div class=\"image-cards-slider-item fx-slide\">\n                            <div class=\"image-card\">\n                                <div class=\"image-card__image\">\n                                    <img decoding=\"async\" width=\"700\" height=\"467\" src=\"https:\/\/www.trccompanies.com\/wp-content\/uploads\/2025\/07\/GettyImages-1409413351-1-700x467.jpg\" class=\"attachment-homepage-image-card size-homepage-image-card\" alt=\"GettyImages-1409413351-1-scaled\" sizes=\"(max-width: 700px) 100vw, 700px\" srcset=\"https:\/\/www.trccompanies.com\/wp-content\/uploads\/2025\/07\/GettyImages-1409413351-1-700x467.jpg 700w, https:\/\/www.trccompanies.com\/wp-content\/uploads\/2025\/07\/GettyImages-1409413351-1-300x200.jpg 300w, https:\/\/www.trccompanies.com\/wp-content\/uploads\/2025\/07\/GettyImages-1409413351-1-1024x684.jpg 1024w, https:\/\/www.trccompanies.com\/wp-content\/uploads\/2025\/07\/GettyImages-1409413351-1-768x513.jpg 768w, https:\/\/www.trccompanies.com\/wp-content\/uploads\/2025\/07\/GettyImages-1409413351-1-1536x1025.jpg 1536w, https:\/\/www.trccompanies.com\/wp-content\/uploads\/2025\/07\/GettyImages-1409413351-1-2048x1367.jpg 2048w, https:\/\/www.trccompanies.com\/wp-content\/uploads\/2025\/07\/GettyImages-1409413351-1-899x600.jpg 899w, https:\/\/www.trccompanies.com\/wp-content\/uploads\/2025\/07\/GettyImages-1409413351-1-749x500.jpg 749w\" \/>                                <\/div>\n                                <div class=\"image-card__info\">\n                                    <div class=\"image-card__info__top\">\n                                        <a href=\"https:\/\/www.trccompanies.com\/fr\/news-and-insights-category\/news\/\" class=\"image-card__category\">News<\/a>                                                                                                                        <h3>TRC\u2019s Dennis Paustenbach Receives the American Conference of Governmental Industrial Hygienists (ACGIH) 2025 Stokinger Award for Achievements in Toxicology<\/h3>\n                                        <h4 class=\"hidden-md-down\">octobre 7, 2025<\/h4>\n                                        <p class=\"image-card__description\">Dennis Paustenbach, Chief Scientist &#8211; Toxicology &#038; Risk Exposure, received The ACGIH Stokinger Award. The award recognizes Paustenbach\u2019s decades of noteworthy scientific contributions to the fields of toxicology, industrial hygiene and risk assessment.<\/p>\n                                    <\/div>\n                                    <div class=\"image-card__info__bottom\">\n                                        <a href=\"https:\/\/www.trccompanies.com\/fr\/insights\/trcs-dennis-paustenbach-receives-the-american-conference-of-governmental-industrial-hygienists-acgih-2025-stokinger-award-for-achievements-in-toxicology\/\" class=\"image-card__link\">En savoir plus<\/a>\n                                    <\/div>\n                                <\/div>\n                            <\/div>\n                        <\/div>\n                                                <div class=\"image-cards-slider-item fx-slide\">\n                            <div class=\"image-card\">\n                                <div class=\"image-card__image\">\n                                    <img decoding=\"async\" width=\"700\" height=\"466\" src=\"https:\/\/www.trccompanies.com\/wp-content\/uploads\/2025\/09\/GettyImages-1169840024-700x466.jpg\" class=\"attachment-homepage-image-card size-homepage-image-card\" alt=\"GettyImages-1169840024\" sizes=\"(max-width: 700px) 100vw, 700px\" srcset=\"https:\/\/www.trccompanies.com\/wp-content\/uploads\/2025\/09\/GettyImages-1169840024-700x466.jpg 700w, https:\/\/www.trccompanies.com\/wp-content\/uploads\/2025\/09\/GettyImages-1169840024-300x200.jpg 300w, https:\/\/www.trccompanies.com\/wp-content\/uploads\/2025\/09\/GettyImages-1169840024-768x512.jpg 768w, https:\/\/www.trccompanies.com\/wp-content\/uploads\/2025\/09\/GettyImages-1169840024-750x500.jpg 750w, https:\/\/www.trccompanies.com\/wp-content\/uploads\/2025\/09\/GettyImages-1169840024.jpg 800w\" \/>                                <\/div>\n                                <div class=\"image-card__info\">\n                                    <div class=\"image-card__info__top\">\n                                        <a href=\"https:\/\/www.trccompanies.com\/fr\/news-and-insights-category\/insights\/\" class=\"image-card__category\">Insights<\/a>                                                                                                                        <h3>Seeing Beyond the Summary: Why PFAS Data Evaluation Must Go Deeper Than Level 2<\/h3>\n                                        <h4 class=\"hidden-md-down\">octobre 1, 2025<\/h4>\n                                        <p class=\"image-card__description\">False positives and negatives in PFAS lab data can mislead decisions. Learn why Level 4 data review is essential.<\/p>\n                                    <\/div>\n                                    <div class=\"image-card__info__bottom\">\n                                        <a href=\"https:\/\/www.trccompanies.com\/fr\/insights\/seeing-beyond-the-summary-why-pfas-data-evaluation-must-go-deeper-than-level-2\/\" class=\"image-card__link\">En savoir plus<\/a>\n                                    <\/div>\n                                <\/div>\n                            <\/div>\n                        <\/div>\n                                                <div class=\"image-cards-slider-item fx-slide\">\n                            <div class=\"image-card\">\n                                <div class=\"image-card__image\">\n                                    <img decoding=\"async\" width=\"700\" height=\"467\" src=\"https:\/\/www.trccompanies.com\/wp-content\/uploads\/2025\/07\/GettyImages-503814062-700x467.jpg\" class=\"attachment-homepage-image-card size-homepage-image-card\" alt=\"GettyImages-503814062-scaled\" sizes=\"(max-width: 700px) 100vw, 700px\" srcset=\"https:\/\/www.trccompanies.com\/wp-content\/uploads\/2025\/07\/GettyImages-503814062-700x467.jpg 700w, https:\/\/www.trccompanies.com\/wp-content\/uploads\/2025\/07\/GettyImages-503814062-300x200.jpg 300w, https:\/\/www.trccompanies.com\/wp-content\/uploads\/2025\/07\/GettyImages-503814062-1024x683.jpg 1024w, https:\/\/www.trccompanies.com\/wp-content\/uploads\/2025\/07\/GettyImages-503814062-768x512.jpg 768w, https:\/\/www.trccompanies.com\/wp-content\/uploads\/2025\/07\/GettyImages-503814062-1536x1024.jpg 1536w, https:\/\/www.trccompanies.com\/wp-content\/uploads\/2025\/07\/GettyImages-503814062-2048x1365.jpg 2048w, https:\/\/www.trccompanies.com\/wp-content\/uploads\/2025\/07\/GettyImages-503814062-900x600.jpg 900w, https:\/\/www.trccompanies.com\/wp-content\/uploads\/2025\/07\/GettyImages-503814062-750x500.jpg 750w\" \/>                                <\/div>\n                                <div class=\"image-card__info\">\n                                    <div class=\"image-card__info__top\">\n                                        <a href=\"https:\/\/www.trccompanies.com\/fr\/news-and-insights-category\/resources\/\" class=\"image-card__category\">Resources<\/a>                                                                                                                        <h3>PFAS in Consumer Products: Assessing the Risk of Dermal Exposures<\/h3>\n                                        <h4 class=\"hidden-md-down\">juillet 17, 2025<\/h4>\n                                        <p class=\"image-card__description\">Products, such as bandages, baby wipes and feminine care products, may contain trace levels of PFAS due to intentional use or cross-contamination, which has prompted recent concerns about skin absorption and long-term health effects. \u200b<\/p>\n                                    <\/div>\n                                    <div class=\"image-card__info__bottom\">\n                                        <a href=\"https:\/\/www.trccompanies.com\/fr\/insights\/pfas-in-consumer-products-assessing-the-risk-of-dermal-exposures\/\" class=\"image-card__link\">En savoir plus<\/a>\n                                    <\/div>\n                                <\/div>\n                            <\/div>\n                        <\/div>\n                                            <\/div>\n                <\/div>\n                    <\/div>\n    <\/div>\n<\/section>\n<!-- End Block: acf\/innerpage-news-and-insights -->\n\n<!-- Start Block: core\/paragraph -->\n<div class=\"container\"><div class=\"row\"><div class=\"col-xxs-12\">\n<p><\/p>\n<\/div><\/div><\/div>\n<!-- End Block: core\/paragraph -->","protected":false},"excerpt":{"rendered":"","protected":false},"featured_media":32149,"parent":0,"template":"","events-category":[556],"events-type":[482],"class_list":["post-32148","events","type-events","status-publish","has-post-thumbnail","hentry","events-category-events-and-webinars","events-type-trc-events"],"acf":[],"yoast_head":"<!-- This site is optimized with the Yoast SEO plugin v26.9 - https:\/\/yoast.com\/product\/yoast-seo-wordpress\/ -->\n<title>Understanding\u00a0PFAS\u00a0Contamination: Fate &amp; Transport and the Impacts on Forensic Evaluations - TRC Companies<\/title>\n<meta name=\"description\" content=\"Join TRC for an in-depth\u00a0webinar\u00a0that examines how PFAS move and\u00a0transform\u00a0across environmental media. Learn more.\" \/>\n<meta name=\"robots\" content=\"index, follow, max-snippet:-1, max-image-preview:large, max-video-preview:-1\" \/>\n<link rel=\"canonical\" href=\"https:\/\/www.trccompanies.com\/fr\/events\/understanding-pfas-contamination-fate-transport-and-the-impacts-on-forensic-evaluations\/\" \/>\n<meta property=\"og:locale\" content=\"fr_CA\" \/>\n<meta property=\"og:type\" content=\"article\" \/>\n<meta property=\"og:title\" content=\"Understanding\u00a0PFAS\u00a0Contamination: Fate &amp; Transport and the Impacts on Forensic Evaluations - TRC Companies\" \/>\n<meta property=\"og:description\" content=\"Join TRC for an in-depth\u00a0webinar\u00a0that examines how PFAS move and\u00a0transform\u00a0across environmental media. Learn more.\" \/>\n<meta property=\"og:url\" content=\"https:\/\/www.trccompanies.com\/fr\/events\/understanding-pfas-contamination-fate-transport-and-the-impacts-on-forensic-evaluations\/\" \/>\n<meta property=\"og:site_name\" content=\"TRC Companies\" \/>\n<meta property=\"article:modified_time\" content=\"2026-01-23T19:17:13+00:00\" \/>\n<meta property=\"og:image\" content=\"https:\/\/www.trccompanies.com\/wp-content\/uploads\/2025\/12\/GettyImages-2084717793-1-1024x576.jpg\" \/>\n\t<meta property=\"og:image:width\" content=\"1024\" \/>\n\t<meta property=\"og:image:height\" content=\"576\" \/>\n\t<meta property=\"og:image:type\" content=\"image\/jpeg\" \/>\n<meta name=\"twitter:card\" content=\"summary_large_image\" \/>\n<meta name=\"twitter:label1\" content=\"Estimation du temps de lecture\" \/>\n\t<meta name=\"twitter:data1\" content=\"1 minute\" \/>\n<script type=\"application\/ld+json\" class=\"yoast-schema-graph\">{\"@context\":\"https:\/\/schema.org\",\"@graph\":[{\"@type\":\"WebPage\",\"@id\":\"https:\/\/www.trccompanies.com\/fr\/events\/understanding-pfas-contamination-fate-transport-and-the-impacts-on-forensic-evaluations\/\",\"url\":\"https:\/\/www.trccompanies.com\/fr\/events\/understanding-pfas-contamination-fate-transport-and-the-impacts-on-forensic-evaluations\/\",\"name\":\"Understanding\u00a0PFAS\u00a0Contamination: Fate &amp; Transport and the Impacts on Forensic Evaluations - TRC Companies\",\"isPartOf\":{\"@id\":\"https:\/\/www.trccompanies.com\/fr\/#website\"},\"primaryImageOfPage\":{\"@id\":\"https:\/\/www.trccompanies.com\/fr\/events\/understanding-pfas-contamination-fate-transport-and-the-impacts-on-forensic-evaluations\/#primaryimage\"},\"image\":{\"@id\":\"https:\/\/www.trccompanies.com\/fr\/events\/understanding-pfas-contamination-fate-transport-and-the-impacts-on-forensic-evaluations\/#primaryimage\"},\"thumbnailUrl\":\"https:\/\/www.trccompanies.com\/wp-content\/uploads\/2025\/12\/GettyImages-2084717793-1.jpg\",\"datePublished\":\"2025-12-19T19:28:38+00:00\",\"dateModified\":\"2026-01-23T19:17:13+00:00\",\"description\":\"Join TRC for an in-depth\u00a0webinar\u00a0that examines how PFAS move and\u00a0transform\u00a0across environmental media. Learn more.\",\"inLanguage\":\"fr-CA\",\"potentialAction\":[{\"@type\":\"ReadAction\",\"target\":[\"https:\/\/www.trccompanies.com\/fr\/events\/understanding-pfas-contamination-fate-transport-and-the-impacts-on-forensic-evaluations\/\"]}]},{\"@type\":\"ImageObject\",\"inLanguage\":\"fr-CA\",\"@id\":\"https:\/\/www.trccompanies.com\/fr\/events\/understanding-pfas-contamination-fate-transport-and-the-impacts-on-forensic-evaluations\/#primaryimage\",\"url\":\"https:\/\/www.trccompanies.com\/wp-content\/uploads\/2025\/12\/GettyImages-2084717793-1.jpg\",\"contentUrl\":\"https:\/\/www.trccompanies.com\/wp-content\/uploads\/2025\/12\/GettyImages-2084717793-1.jpg\",\"width\":3840,\"height\":2160,\"caption\":\"Top view of business team discussing about using clean energy and sustainable investment at meeting table with wind mill, document with environmental graph and holographic of eco power. Alimentation.\"},{\"@type\":\"WebSite\",\"@id\":\"https:\/\/www.trccompanies.com\/fr\/#website\",\"url\":\"https:\/\/www.trccompanies.com\/fr\/\",\"name\":\"TRC Companies\",\"description\":\"\",\"potentialAction\":[{\"@type\":\"SearchAction\",\"target\":{\"@type\":\"EntryPoint\",\"urlTemplate\":\"https:\/\/www.trccompanies.com\/fr\/?s={search_term_string}\"},\"query-input\":{\"@type\":\"PropertyValueSpecification\",\"valueRequired\":true,\"valueName\":\"search_term_string\"}}],\"inLanguage\":\"fr-CA\"}]}<\/script>\n<!-- \/ Yoast SEO plugin. -->","yoast_head_json":{"title":"Understanding\u00a0PFAS\u00a0Contamination: Fate &amp; Transport and the Impacts on Forensic Evaluations - TRC Companies","description":"Join TRC for an in-depth\u00a0webinar\u00a0that examines how PFAS move and\u00a0transform\u00a0across environmental media. Learn more.","robots":{"index":"index","follow":"follow","max-snippet":"max-snippet:-1","max-image-preview":"max-image-preview:large","max-video-preview":"max-video-preview:-1"},"canonical":"https:\/\/www.trccompanies.com\/fr\/events\/understanding-pfas-contamination-fate-transport-and-the-impacts-on-forensic-evaluations\/","og_locale":"fr_CA","og_type":"article","og_title":"Understanding\u00a0PFAS\u00a0Contamination: Fate &amp; Transport and the Impacts on Forensic Evaluations - TRC Companies","og_description":"Join TRC for an in-depth\u00a0webinar\u00a0that examines how PFAS move and\u00a0transform\u00a0across environmental media. Learn more.","og_url":"https:\/\/www.trccompanies.com\/fr\/events\/understanding-pfas-contamination-fate-transport-and-the-impacts-on-forensic-evaluations\/","og_site_name":"TRC Companies","article_modified_time":"2026-01-23T19:17:13+00:00","og_image":[{"width":1024,"height":576,"url":"https:\/\/www.trccompanies.com\/wp-content\/uploads\/2025\/12\/GettyImages-2084717793-1-1024x576.jpg","type":"image\/jpeg"}],"twitter_card":"summary_large_image","twitter_misc":{"Estimation du temps de lecture":"1 minute"},"schema":{"@context":"https:\/\/schema.org","@graph":[{"@type":"WebPage","@id":"https:\/\/www.trccompanies.com\/fr\/events\/understanding-pfas-contamination-fate-transport-and-the-impacts-on-forensic-evaluations\/","url":"https:\/\/www.trccompanies.com\/fr\/events\/understanding-pfas-contamination-fate-transport-and-the-impacts-on-forensic-evaluations\/","name":"Understanding\u00a0PFAS\u00a0Contamination: Fate &amp; Transport and the Impacts on Forensic Evaluations - TRC Companies","isPartOf":{"@id":"https:\/\/www.trccompanies.com\/fr\/#website"},"primaryImageOfPage":{"@id":"https:\/\/www.trccompanies.com\/fr\/events\/understanding-pfas-contamination-fate-transport-and-the-impacts-on-forensic-evaluations\/#primaryimage"},"image":{"@id":"https:\/\/www.trccompanies.com\/fr\/events\/understanding-pfas-contamination-fate-transport-and-the-impacts-on-forensic-evaluations\/#primaryimage"},"thumbnailUrl":"https:\/\/www.trccompanies.com\/wp-content\/uploads\/2025\/12\/GettyImages-2084717793-1.jpg","datePublished":"2025-12-19T19:28:38+00:00","dateModified":"2026-01-23T19:17:13+00:00","description":"Join TRC for an in-depth\u00a0webinar\u00a0that examines how PFAS move and\u00a0transform\u00a0across environmental media. Learn more.","inLanguage":"fr-CA","potentialAction":[{"@type":"ReadAction","target":["https:\/\/www.trccompanies.com\/fr\/events\/understanding-pfas-contamination-fate-transport-and-the-impacts-on-forensic-evaluations\/"]}]},{"@type":"ImageObject","inLanguage":"fr-CA","@id":"https:\/\/www.trccompanies.com\/fr\/events\/understanding-pfas-contamination-fate-transport-and-the-impacts-on-forensic-evaluations\/#primaryimage","url":"https:\/\/www.trccompanies.com\/wp-content\/uploads\/2025\/12\/GettyImages-2084717793-1.jpg","contentUrl":"https:\/\/www.trccompanies.com\/wp-content\/uploads\/2025\/12\/GettyImages-2084717793-1.jpg","width":3840,"height":2160,"caption":"Top view of business team discussing about using clean energy and sustainable investment at meeting table with wind mill, document with environmental graph and holographic of eco power. Alimentation."},{"@type":"WebSite","@id":"https:\/\/www.trccompanies.com\/fr\/#website","url":"https:\/\/www.trccompanies.com\/fr\/","name":"TRC Companies","description":"","potentialAction":[{"@type":"SearchAction","target":{"@type":"EntryPoint","urlTemplate":"https:\/\/www.trccompanies.com\/fr\/?s={search_term_string}"},"query-input":{"@type":"PropertyValueSpecification","valueRequired":true,"valueName":"search_term_string"}}],"inLanguage":"fr-CA"}]}},"_links":{"self":[{"href":"https:\/\/www.trccompanies.com\/fr\/wp-json\/wp\/v2\/events\/32148","targetHints":{"allow":["GET"]}}],"collection":[{"href":"https:\/\/www.trccompanies.com\/fr\/wp-json\/wp\/v2\/events"}],"about":[{"href":"https:\/\/www.trccompanies.com\/fr\/wp-json\/wp\/v2\/types\/events"}],"version-history":[{"count":0,"href":"https:\/\/www.trccompanies.com\/fr\/wp-json\/wp\/v2\/events\/32148\/revisions"}],"wp:featuredmedia":[{"embeddable":true,"href":"https:\/\/www.trccompanies.com\/fr\/wp-json\/wp\/v2\/media\/32149"}],"wp:attachment":[{"href":"https:\/\/www.trccompanies.com\/fr\/wp-json\/wp\/v2\/media?parent=32148"}],"wp:term":[{"taxonomy":"events-category","embeddable":true,"href":"https:\/\/www.trccompanies.com\/fr\/wp-json\/wp\/v2\/events-category?post=32148"},{"taxonomy":"events-type","embeddable":true,"href":"https:\/\/www.trccompanies.com\/fr\/wp-json\/wp\/v2\/events-type?post=32148"}],"curies":[{"name":"wp","href":"https:\/\/api.w.org\/{rel}","templated":true}]}}